{"id":166343,"date":"2026-02-13T21:23:13","date_gmt":"2026-02-13T19:23:13","guid":{"rendered":"https:\/\/exlibris.ee\/toode\/die-blodeste-superkraft-aller-zeiten-level-materialien-und-kopiervorlagen-zur-klassenlekture\/"},"modified":"2026-05-03T11:36:08","modified_gmt":"2026-05-03T08:36:08","slug":"die-blodeste-superkraft-aller-zeiten-level-materialien-und-kopiervorlagen-zur-klassenlekture","status":"publish","type":"product","link":"https:\/\/exlibris.ee\/en\/product\/die-blodeste-superkraft-aller-zeiten-level-materialien-und-kopiervorlagen-zur-klassenlekture\/","title":{"rendered":"Die bl\u00f6deste Superkraft aller Zeiten Level \/ Materialien und Kopiervorlagen zur Klassenlekt\u00fcre"},"content":{"rendered":"<p>Das Begleitmaterial regt Ihre Sch\u00fcler dazu an, \u00fcber folgende Fragen nachzudenken und zu diskutieren: Woran liegt es, dass unsere Gedanken und Gef\u00fchle manchmal wenig mit unseren \u00c4u\u00dferungen und Handlungen zu tun haben? Warum k\u00f6nnen wir nicht immer offen sagen, was in uns vorgeht? Was hilft dabei, sich in andere einzuf\u00fchlen? Dar\u00fcber hinaus enth\u00e4lt das Material vielf\u00e4ltige Aufgaben zum Textverst\u00e4ndnis. Diese und weitere Arbeitsbl\u00e4tter liegen zur Differenzierung in zwei Varianten vor. Eine Leserallye und ein W\u00fcrfelspiel runden die Besch\u00e4ftigung mit der Lekt\u00fcre ab.<\/p>\n","protected":false},"excerpt":{"rendered":"<p>Das Begleitmaterial regt Ihre Sch\u00fcler dazu an, \u00fcber folgende Fragen nachzudenken und zu diskutieren: Woran liegt es, dass unsere Gedanken und Gef\u00fchle manchmal wenig mit unseren \u00c4u\u00dferungen und Handlungen zu tun haben? Warum k\u00f6nnen wir nicht immer offen sagen, was&#8230;<\/p>\n","protected":false},"featured_media":626424,"template":"","meta":{"_acf_changed":false,"inline_featured_image":false},"product_brand":[],"product_cat":[851],"product_tag":[],"series":[],"publisher":[{"id":2104,"name":"Hase und Igel Verlag","slug":"hase-und-igel-verlag"}],"class_list":{"0":"post-166343","1":"product","2":"type-product","3":"status-publish","4":"has-post-thumbnail","6":"product_cat-lesetexte-deutsch","7":"publisher-hase-und-igel-verlag","9":"first","10":"onbackorder","11":"taxable","12":"shipping-taxable","13":"purchasable","14":"product-type-simple"},"acf":[],"_links":{"self":[{"href":"https:\/\/exlibris.ee\/en\/wp-json\/wp\/v2\/product\/166343","targetHints":{"allow":["GET"]}}],"collection":[{"href":"https:\/\/exlibris.ee\/en\/wp-json\/wp\/v2\/product"}],"about":[{"href":"https:\/\/exlibris.ee\/en\/wp-json\/wp\/v2\/types\/product"}],"wp:featuredmedia":[{"embeddable":true,"href":"https:\/\/exlibris.ee\/en\/wp-json\/wp\/v2\/media\/626424"}],"wp:attachment":[{"href":"https:\/\/exlibris.ee\/en\/wp-json\/wp\/v2\/media?parent=166343"}],"wp:term":[{"taxonomy":"product_brand","embeddable":true,"href":"https:\/\/exlibris.ee\/en\/wp-json\/wp\/v2\/product_brand?post=166343"},{"taxonomy":"product_cat","embeddable":true,"href":"https:\/\/exlibris.ee\/en\/wp-json\/wp\/v2\/product_cat?post=166343"},{"taxonomy":"product_tag","embeddable":true,"href":"https:\/\/exlibris.ee\/en\/wp-json\/wp\/v2\/product_tag?post=166343"},{"taxonomy":"series","embeddable":true,"href":"https:\/\/exlibris.ee\/en\/wp-json\/wp\/v2\/series?post=166343"},{"taxonomy":"publisher","embeddable":true,"href":"https:\/\/exlibris.ee\/en\/wp-json\/wp\/v2\/publisher?post=166343"}],"curies":[{"name":"wp","href":"https:\/\/api.w.org\/{rel}","templated":true}]}}