{"id":44598,"date":"2023-05-11T15:40:01","date_gmt":"2023-05-11T12:40:01","guid":{"rendered":"https:\/\/exlibris.ee\/toode\/entdeckungsreise-dach\/"},"modified":"2026-04-26T11:23:21","modified_gmt":"2026-04-26T08:23:21","slug":"entdeckungsreise-dach","status":"publish","type":"product","link":"https:\/\/exlibris.ee\/en\/product\/entdeckungsreise-dach\/","title":{"rendered":"Entdeckungsreise D-A-CH"},"content":{"rendered":"<p>Der magazinartige Charakter dieses Landeskundebuches weckt in emotional ansprechenden und reich bebilderten Texten das Interesse f\u00fcr die drei deutschsprachigen L\u00e4nder. Wichtig ist dabei auch die Bewusstmachung von \u00c4hnlichkeiten und Unterschieden zum eigenen Land. Die Themen bieten ein abwechslungsreiches Panorama und umfassen Landschaften und St\u00e4dte, Natur und Umwelt, Menschen und Gesellschaft, aber auch Geschichte, Politik, Wirtschaft und Kultur. Aktivierende \u00dcbungen sichern das Textverstehen und bieten zahlreiche Sprechanl\u00e4sse. Ein eigenes Kapitel ist den Sprachlichen Variet\u00e4ten der D-A-CH-L\u00e4nder gewidmet.<\/p>\n","protected":false},"excerpt":{"rendered":"<p>Der magazinartige Charakter dieses Landeskundebuches weckt in emotional ansprechenden und reich bebilderten Texten das Interesse f\u00fcr die drei deutschsprachigen L\u00e4nder. Wichtig ist dabei auch die Bewusstmachung von \u00c4hnlichkeiten und Unterschieden zum eigenen Land. Die Themen bieten ein abwechslungsreiches Panorama und&#8230;<\/p>\n","protected":false},"featured_media":55135,"template":"","meta":{"_acf_changed":false,"inline_featured_image":false},"product_brand":[],"product_cat":[490],"product_tag":[],"series":[],"publisher":[{"id":473,"name":"Klett Verlag","slug":"klett-verlag"}],"class_list":{"0":"post-44598","1":"product","2":"type-product","3":"status-publish","4":"has-post-thumbnail","6":"product_cat-landeskunde","7":"publisher-klett-verlag","9":"first","10":"onbackorder","11":"taxable","12":"shipping-taxable","13":"purchasable","14":"product-type-simple"},"acf":[],"_links":{"self":[{"href":"https:\/\/exlibris.ee\/en\/wp-json\/wp\/v2\/product\/44598","targetHints":{"allow":["GET"]}}],"collection":[{"href":"https:\/\/exlibris.ee\/en\/wp-json\/wp\/v2\/product"}],"about":[{"href":"https:\/\/exlibris.ee\/en\/wp-json\/wp\/v2\/types\/product"}],"wp:featuredmedia":[{"embeddable":true,"href":"https:\/\/exlibris.ee\/en\/wp-json\/wp\/v2\/media\/55135"}],"wp:attachment":[{"href":"https:\/\/exlibris.ee\/en\/wp-json\/wp\/v2\/media?parent=44598"}],"wp:term":[{"taxonomy":"product_brand","embeddable":true,"href":"https:\/\/exlibris.ee\/en\/wp-json\/wp\/v2\/product_brand?post=44598"},{"taxonomy":"product_cat","embeddable":true,"href":"https:\/\/exlibris.ee\/en\/wp-json\/wp\/v2\/product_cat?post=44598"},{"taxonomy":"product_tag","embeddable":true,"href":"https:\/\/exlibris.ee\/en\/wp-json\/wp\/v2\/product_tag?post=44598"},{"taxonomy":"series","embeddable":true,"href":"https:\/\/exlibris.ee\/en\/wp-json\/wp\/v2\/series?post=44598"},{"taxonomy":"publisher","embeddable":true,"href":"https:\/\/exlibris.ee\/en\/wp-json\/wp\/v2\/publisher?post=44598"}],"curies":[{"name":"wp","href":"https:\/\/api.w.org\/{rel}","templated":true}]}}